{"id":1014,"date":"2025-09-30T18:47:46","date_gmt":"2025-09-30T16:47:46","guid":{"rendered":"https:\/\/aravisdigital.com\/?page_id=1014"},"modified":"2025-09-30T18:54:21","modified_gmt":"2025-09-30T16:54:21","slug":"photographe-annecy","status":"publish","type":"page","link":"https:\/\/aravisdigital.com\/index.php\/photographe-annecy\/","title":{"rendered":"Photographe \u00e0 Annecy"},"content":{"rendered":"\t\t<div data-elementor-type=\"wp-page\" data-elementor-id=\"1014\" class=\"elementor elementor-1014\">\n\t\t\t\t\t\t<section class=\"elementor-section elementor-top-section elementor-element elementor-element-6fa44b9d elementor-section-full_width elementor-section-content-middle elementor-section-height-default elementor-section-height-default wpr-particle-no wpr-jarallax-no wpr-parallax-no wpr-sticky-section-no\" data-id=\"6fa44b9d\" data-element_type=\"section\">\n\t\t\t\t\t\t<div class=\"elementor-container elementor-column-gap-no\">\n\t\t\t\t\t<div class=\"elementor-column elementor-col-100 elementor-top-column elementor-element elementor-element-614130d0\" data-id=\"614130d0\" data-element_type=\"column\">\n\t\t\t<div class=\"elementor-widget-wrap elementor-element-populated\">\n\t\t\t\t\t\t<div class=\"elementor-element elementor-element-4f752f8a elementor-widget elementor-widget-text-editor\" data-id=\"4f752f8a\" data-element_type=\"widget\" data-widget_type=\"text-editor.default\">\n\t\t\t\t<div class=\"elementor-widget-container\">\n\t\t\t\t\t\t\t\t\t<section id=\"photographe-annecy\">\n  <h2>Photographe \u00e0 Annecy<\/h2>\n  <p>\n    En tant que <strong>photographe \u00e0 Annecy<\/strong>, je capture des <strong>images professionnelles<\/strong> qui racontent une histoire et suscitent des \u00e9motions. \n    Je r\u00e9alise des <strong>photos de portrait, de paysage, d\u2019\u00e9v\u00e9nements et de produits<\/strong>, adapt\u00e9es \u00e0 vos besoins. \n    Bas\u00e9 en Haute-Savoie, je propose mes services aux particuliers comme aux entreprises pour valoriser vos projets et renforcer votre visibilit\u00e9 en ligne.\n  <\/p>\n<\/section>\n\t\t\t\t\t\t\t\t<\/div>\n\t\t\t\t<\/div>\n\t\t\t\t<div class=\"elementor-element elementor-element-72c1a7cd elementor-widget elementor-widget-button\" data-id=\"72c1a7cd\" data-element_type=\"widget\" data-widget_type=\"button.default\">\n\t\t\t\t<div class=\"elementor-widget-container\">\n\t\t\t\t\t\t\t\t\t<div class=\"elementor-button-wrapper\">\n\t\t\t\t\t<a class=\"elementor-button elementor-button-link elementor-size-sm\" href=\"https:\/\/aravisdigital.com\/index.php\/photographie-simon-hurion\/\">\n\t\t\t\t\t\t<span class=\"elementor-button-content-wrapper\">\n\t\t\t\t\t\t\t\t\t<span class=\"elementor-button-text\">photopgraphier sur annecy<\/span>\n\t\t\t\t\t<\/span>\n\t\t\t\t\t<\/a>\n\t\t\t\t<\/div>\n\t\t\t\t\t\t\t\t<\/div>\n\t\t\t\t<\/div>\n\t\t\t\t\t<\/div>\n\t\t<\/div>\n\t\t\t\t\t<\/div>\n\t\t<\/section>\n\t\t\t\t<section class=\"elementor-section elementor-top-section elementor-element elementor-element-5b1726fc elementor-section-content-middle elementor-reverse-mobile elementor-section-boxed elementor-section-height-default elementor-section-height-default wpr-particle-no wpr-jarallax-no wpr-parallax-no wpr-sticky-section-no\" data-id=\"5b1726fc\" data-element_type=\"section\">\n\t\t\t\t\t\t<div class=\"elementor-container elementor-column-gap-no\">\n\t\t\t\t\t<div class=\"elementor-column elementor-col-50 elementor-top-column elementor-element elementor-element-19b5cfe4\" data-id=\"19b5cfe4\" data-element_type=\"column\">\n\t\t\t<div class=\"elementor-widget-wrap elementor-element-populated\">\n\t\t\t\t\t\t<div class=\"elementor-element elementor-element-4e97f003 elementor-widget elementor-widget-text-editor\" data-id=\"4e97f003\" data-element_type=\"widget\" data-widget_type=\"text-editor.default\">\n\t\t\t\t<div class=\"elementor-widget-container\">\n\t\t\t\t\t\t\t\t\t<section id=\"photographe-evenementiel\">\n  <h2>Photographe \u00e9v\u00e9nementiel \u00e0 Annecy<\/h2>\n  <p>\n    Sp\u00e9cialiste de l\u2019<strong>\u00e9v\u00e9nementiel \u00e0 Annecy et en Haute-Savoie<\/strong>, je capture vos <strong>moments cl\u00e9s avec authenticit\u00e9 et cr\u00e9ativit\u00e9<\/strong>. \n    Mariages, \u00e9v\u00e9nements sportifs, soir\u00e9es d\u2019entreprise ou \u00e9v\u00e9nements culturels, chaque photo est con\u00e7ue pour raconter votre histoire et valoriser vos projets.\n    Je m\u2019adapte \u00e0 toutes les conditions pour offrir un rendu professionnel et percutant.\n  <\/p>\n<\/section>\n\t\t\t\t\t\t\t\t<\/div>\n\t\t\t\t<\/div>\n\t\t\t\t\t<\/div>\n\t\t<\/div>\n\t\t\t\t<div class=\"elementor-column elementor-col-50 elementor-top-column elementor-element elementor-element-2f36b66c\" data-id=\"2f36b66c\" data-element_type=\"column\">\n\t\t\t<div class=\"elementor-widget-wrap elementor-element-populated\">\n\t\t\t\t\t\t<div class=\"elementor-element elementor-element-49692a8 elementor-widget elementor-widget-image\" data-id=\"49692a8\" data-element_type=\"widget\" data-widget_type=\"image.default\">\n\t\t\t\t<div class=\"elementor-widget-container\">\n\t\t\t\t\t\t\t\t\t\t\t\t\t\t\t<img fetchpriority=\"high\" decoding=\"async\" width=\"2560\" height=\"1707\" src=\"https:\/\/aravisdigital.com\/wp-content\/uploads\/2024\/05\/realisations-photos-simon-hurion-aravis-digital-298-scaled.jpg\" class=\"attachment-full size-full wp-image-704\" alt=\"\" srcset=\"https:\/\/aravisdigital.com\/wp-content\/uploads\/2024\/05\/realisations-photos-simon-hurion-aravis-digital-298-scaled.jpg 2560w, https:\/\/aravisdigital.com\/wp-content\/uploads\/2024\/05\/realisations-photos-simon-hurion-aravis-digital-298-300x200.jpg 300w, https:\/\/aravisdigital.com\/wp-content\/uploads\/2024\/05\/realisations-photos-simon-hurion-aravis-digital-298-1024x683.jpg 1024w, https:\/\/aravisdigital.com\/wp-content\/uploads\/2024\/05\/realisations-photos-simon-hurion-aravis-digital-298-768x512.jpg 768w, https:\/\/aravisdigital.com\/wp-content\/uploads\/2024\/05\/realisations-photos-simon-hurion-aravis-digital-298-1536x1024.jpg 1536w, https:\/\/aravisdigital.com\/wp-content\/uploads\/2024\/05\/realisations-photos-simon-hurion-aravis-digital-298-2048x1365.jpg 2048w, https:\/\/aravisdigital.com\/wp-content\/uploads\/2024\/05\/realisations-photos-simon-hurion-aravis-digital-298-930x620.jpg 930w\" sizes=\"(max-width: 2560px) 100vw, 2560px\" \/>\t\t\t\t\t\t\t\t\t\t\t\t\t\t\t<\/div>\n\t\t\t\t<\/div>\n\t\t\t\t\t<\/div>\n\t\t<\/div>\n\t\t\t\t\t<\/div>\n\t\t<\/section>\n\t\t\t\t<section class=\"elementor-section elementor-top-section elementor-element elementor-element-86b2919 elementor-section-content-middle elementor-reverse-mobile elementor-section-boxed elementor-section-height-default elementor-section-height-default wpr-particle-no wpr-jarallax-no wpr-parallax-no wpr-sticky-section-no\" data-id=\"86b2919\" data-element_type=\"section\">\n\t\t\t\t\t\t<div class=\"elementor-container elementor-column-gap-no\">\n\t\t\t\t\t<div class=\"elementor-column elementor-col-50 elementor-top-column elementor-element elementor-element-566cac1\" data-id=\"566cac1\" data-element_type=\"column\">\n\t\t\t<div class=\"elementor-widget-wrap elementor-element-populated\">\n\t\t\t\t\t\t<div class=\"elementor-element elementor-element-63e51c8 elementor-widget elementor-widget-image\" data-id=\"63e51c8\" data-element_type=\"widget\" data-widget_type=\"image.default\">\n\t\t\t\t<div class=\"elementor-widget-container\">\n\t\t\t\t\t\t\t\t\t\t\t\t\t\t\t<img decoding=\"async\" width=\"1707\" height=\"2560\" src=\"https:\/\/aravisdigital.com\/wp-content\/uploads\/2025\/02\/photo-portrait-annecy-aravis-digital-9-scaled.jpg\" class=\"attachment-full size-full wp-image-879\" alt=\"\" srcset=\"https:\/\/aravisdigital.com\/wp-content\/uploads\/2025\/02\/photo-portrait-annecy-aravis-digital-9-scaled.jpg 1707w, https:\/\/aravisdigital.com\/wp-content\/uploads\/2025\/02\/photo-portrait-annecy-aravis-digital-9-200x300.jpg 200w, https:\/\/aravisdigital.com\/wp-content\/uploads\/2025\/02\/photo-portrait-annecy-aravis-digital-9-683x1024.jpg 683w, https:\/\/aravisdigital.com\/wp-content\/uploads\/2025\/02\/photo-portrait-annecy-aravis-digital-9-768x1152.jpg 768w, https:\/\/aravisdigital.com\/wp-content\/uploads\/2025\/02\/photo-portrait-annecy-aravis-digital-9-1024x1536.jpg 1024w, https:\/\/aravisdigital.com\/wp-content\/uploads\/2025\/02\/photo-portrait-annecy-aravis-digital-9-1365x2048.jpg 1365w\" sizes=\"(max-width: 1707px) 100vw, 1707px\" \/>\t\t\t\t\t\t\t\t\t\t\t\t\t\t\t<\/div>\n\t\t\t\t<\/div>\n\t\t\t\t\t<\/div>\n\t\t<\/div>\n\t\t\t\t<div class=\"elementor-column elementor-col-50 elementor-top-column elementor-element elementor-element-a1f0153\" data-id=\"a1f0153\" data-element_type=\"column\">\n\t\t\t<div class=\"elementor-widget-wrap elementor-element-populated\">\n\t\t\t\t\t\t<div class=\"elementor-element elementor-element-56d1c6c elementor-widget elementor-widget-text-editor\" data-id=\"56d1c6c\" data-element_type=\"widget\" data-widget_type=\"text-editor.default\">\n\t\t\t\t<div class=\"elementor-widget-container\">\n\t\t\t\t\t\t\t\t\t<section id=\"photographe-portrait\">\n  <h2>Photographe portrait \u00e0 Annecy<\/h2>\n  <p>\n    En tant que <strong>photographe portrait et lifestyle \u00e0 Annecy<\/strong>, je cr\u00e9e des images naturelles et authentiques. \n    Familles, couples, portraits individuels ou professionnels, chaque s\u00e9ance est personnalis\u00e9e pour r\u00e9v\u00e9ler votre personnalit\u00e9. \n    Bas\u00e9 en Haute-Savoie, je propose des <strong>photos de qualit\u00e9 professionnelle<\/strong> adapt\u00e9es aux besoins particuliers et aux r\u00e9seaux sociaux.\n  <\/p>\n<\/section>\n\t\t\t\t\t\t\t\t<\/div>\n\t\t\t\t<\/div>\n\t\t\t\t\t<\/div>\n\t\t<\/div>\n\t\t\t\t\t<\/div>\n\t\t<\/section>\n\t\t\t\t<section class=\"elementor-section elementor-top-section elementor-element elementor-element-2a46c85 elementor-section-content-middle elementor-reverse-mobile elementor-section-boxed elementor-section-height-default elementor-section-height-default wpr-particle-no wpr-jarallax-no wpr-parallax-no wpr-sticky-section-no\" data-id=\"2a46c85\" data-element_type=\"section\" data-settings=\"{&quot;background_background&quot;:&quot;classic&quot;}\">\n\t\t\t\t\t\t<div class=\"elementor-container elementor-column-gap-no\">\n\t\t\t\t\t<div class=\"elementor-column elementor-col-50 elementor-top-column elementor-element elementor-element-98cd51d\" data-id=\"98cd51d\" data-element_type=\"column\">\n\t\t\t<div class=\"elementor-widget-wrap elementor-element-populated\">\n\t\t\t\t\t\t<div class=\"elementor-element elementor-element-774bd56 elementor-widget elementor-widget-text-editor\" data-id=\"774bd56\" data-element_type=\"widget\" data-widget_type=\"text-editor.default\">\n\t\t\t\t<div class=\"elementor-widget-container\">\n\t\t\t\t\t\t\t\t\t<section id=\"photographe-paysage\">\n  <h2>Photographe de paysages en Haute-Savoie<\/h2>\n  <p>\n    Passionn\u00e9 par la montagne et la nature, je suis <strong>photographe de paysages en Haute-Savoie<\/strong>. \n    Des sommets alpins au lac d\u2019Annecy, je capture des images \u00e9poustouflantes pour particuliers, entreprises ou publications. \n    Chaque photo refl\u00e8te l\u2019authenticit\u00e9 des lieux et met en valeur votre projet, qu\u2019il s\u2019agisse de d\u00e9coration, communication ou supports marketing.\n  <\/p>\n<\/section>\n\t\t\t\t\t\t\t\t<\/div>\n\t\t\t\t<\/div>\n\t\t\t\t\t<\/div>\n\t\t<\/div>\n\t\t\t\t<div class=\"elementor-column elementor-col-50 elementor-top-column elementor-element elementor-element-ef07498\" data-id=\"ef07498\" data-element_type=\"column\">\n\t\t\t<div class=\"elementor-widget-wrap elementor-element-populated\">\n\t\t\t\t\t\t<div class=\"elementor-element elementor-element-e3a0112 elementor-widget elementor-widget-image\" data-id=\"e3a0112\" data-element_type=\"widget\" data-widget_type=\"image.default\">\n\t\t\t\t<div class=\"elementor-widget-container\">\n\t\t\t\t\t\t\t\t\t\t\t\t\t\t\t<img decoding=\"async\" width=\"1440\" height=\"2560\" src=\"https:\/\/aravisdigital.com\/wp-content\/uploads\/2024\/05\/realisations-photos-simon-hurion-aravis-digital-271-scaled.jpg\" class=\"attachment-full size-full wp-image-678\" alt=\"\" srcset=\"https:\/\/aravisdigital.com\/wp-content\/uploads\/2024\/05\/realisations-photos-simon-hurion-aravis-digital-271-scaled.jpg 1440w, https:\/\/aravisdigital.com\/wp-content\/uploads\/2024\/05\/realisations-photos-simon-hurion-aravis-digital-271-169x300.jpg 169w, https:\/\/aravisdigital.com\/wp-content\/uploads\/2024\/05\/realisations-photos-simon-hurion-aravis-digital-271-576x1024.jpg 576w, https:\/\/aravisdigital.com\/wp-content\/uploads\/2024\/05\/realisations-photos-simon-hurion-aravis-digital-271-768x1365.jpg 768w, https:\/\/aravisdigital.com\/wp-content\/uploads\/2024\/05\/realisations-photos-simon-hurion-aravis-digital-271-864x1536.jpg 864w, https:\/\/aravisdigital.com\/wp-content\/uploads\/2024\/05\/realisations-photos-simon-hurion-aravis-digital-271-1152x2048.jpg 1152w\" sizes=\"(max-width: 1440px) 100vw, 1440px\" \/>\t\t\t\t\t\t\t\t\t\t\t\t\t\t\t<\/div>\n\t\t\t\t<\/div>\n\t\t\t\t\t<\/div>\n\t\t<\/div>\n\t\t\t\t\t<\/div>\n\t\t<\/section>\n\t\t\t\t<section class=\"elementor-section elementor-top-section elementor-element elementor-element-9cbc966 elementor-section-content-middle elementor-reverse-mobile elementor-section-boxed elementor-section-height-default elementor-section-height-default wpr-particle-no wpr-jarallax-no wpr-parallax-no wpr-sticky-section-no\" data-id=\"9cbc966\" data-element_type=\"section\" data-settings=\"{&quot;background_background&quot;:&quot;classic&quot;}\">\n\t\t\t\t\t\t<div class=\"elementor-container elementor-column-gap-no\">\n\t\t\t\t\t<div class=\"elementor-column elementor-col-50 elementor-top-column elementor-element elementor-element-7789479\" data-id=\"7789479\" data-element_type=\"column\">\n\t\t\t<div class=\"elementor-widget-wrap elementor-element-populated\">\n\t\t\t\t\t\t<div class=\"elementor-element elementor-element-af29f06 elementor-widget elementor-widget-image\" data-id=\"af29f06\" data-element_type=\"widget\" data-widget_type=\"image.default\">\n\t\t\t\t<div class=\"elementor-widget-container\">\n\t\t\t\t\t\t\t\t\t\t\t\t\t\t\t<img loading=\"lazy\" decoding=\"async\" width=\"2560\" height=\"1707\" src=\"https:\/\/aravisdigital.com\/wp-content\/uploads\/2024\/05\/realisations-photos-simon-hurion-aravis-digital-124-scaled.jpg\" class=\"attachment-full size-full wp-image-531\" alt=\"\" srcset=\"https:\/\/aravisdigital.com\/wp-content\/uploads\/2024\/05\/realisations-photos-simon-hurion-aravis-digital-124-scaled.jpg 2560w, https:\/\/aravisdigital.com\/wp-content\/uploads\/2024\/05\/realisations-photos-simon-hurion-aravis-digital-124-300x200.jpg 300w, https:\/\/aravisdigital.com\/wp-content\/uploads\/2024\/05\/realisations-photos-simon-hurion-aravis-digital-124-1024x683.jpg 1024w, https:\/\/aravisdigital.com\/wp-content\/uploads\/2024\/05\/realisations-photos-simon-hurion-aravis-digital-124-768x512.jpg 768w, https:\/\/aravisdigital.com\/wp-content\/uploads\/2024\/05\/realisations-photos-simon-hurion-aravis-digital-124-1536x1024.jpg 1536w, https:\/\/aravisdigital.com\/wp-content\/uploads\/2024\/05\/realisations-photos-simon-hurion-aravis-digital-124-2048x1365.jpg 2048w, https:\/\/aravisdigital.com\/wp-content\/uploads\/2024\/05\/realisations-photos-simon-hurion-aravis-digital-124-930x620.jpg 930w\" sizes=\"(max-width: 2560px) 100vw, 2560px\" \/>\t\t\t\t\t\t\t\t\t\t\t\t\t\t\t<\/div>\n\t\t\t\t<\/div>\n\t\t\t\t\t<\/div>\n\t\t<\/div>\n\t\t\t\t<div class=\"elementor-column elementor-col-50 elementor-top-column elementor-element elementor-element-92abe23\" data-id=\"92abe23\" data-element_type=\"column\">\n\t\t\t<div class=\"elementor-widget-wrap elementor-element-populated\">\n\t\t\t\t\t\t<div class=\"elementor-element elementor-element-2c6f173 elementor-widget elementor-widget-text-editor\" data-id=\"2c6f173\" data-element_type=\"widget\" data-widget_type=\"text-editor.default\">\n\t\t\t\t<div class=\"elementor-widget-container\">\n\t\t\t\t\t\t\t\t\t<section id=\"photographe-corporate\">\n  <h2>Photographe corporate \u00e0 Annecy<\/h2>\n  <p>\n    Je propose des services de <strong>photographe corporate \u00e0 Annecy et en Haute-Savoie<\/strong> pour entreprises et professionnels. \n    Portraits professionnels, photos d\u2019\u00e9quipe, \u00e9v\u00e9nements d\u2019entreprise ou images pour vos supports marketing, chaque photo est r\u00e9alis\u00e9e pour renforcer votre image et votre visibilit\u00e9. \n    Mes prestations sont personnalis\u00e9es selon vos objectifs et vos besoins.\n  <\/p>\n<\/section>\n\t\t\t\t\t\t\t\t<\/div>\n\t\t\t\t<\/div>\n\t\t\t\t\t<\/div>\n\t\t<\/div>\n\t\t\t\t\t<\/div>\n\t\t<\/section>\n\t\t\t\t<section class=\"elementor-section elementor-top-section elementor-element elementor-element-7b5762a elementor-section-content-middle elementor-section-boxed elementor-section-height-default elementor-section-height-default wpr-particle-no wpr-jarallax-no wpr-parallax-no wpr-sticky-section-no\" data-id=\"7b5762a\" data-element_type=\"section\" data-settings=\"{&quot;background_background&quot;:&quot;gradient&quot;}\">\n\t\t\t\t\t\t<div class=\"elementor-container elementor-column-gap-no\">\n\t\t\t\t\t<div class=\"elementor-column elementor-col-100 elementor-top-column elementor-element elementor-element-399b2006\" data-id=\"399b2006\" data-element_type=\"column\">\n\t\t\t<div class=\"elementor-widget-wrap elementor-element-populated\">\n\t\t\t\t\t\t<div class=\"elementor-element elementor-element-480e39b3 elementor-widget elementor-widget-heading\" data-id=\"480e39b3\" data-element_type=\"widget\" data-widget_type=\"heading.default\">\n\t\t\t\t<div class=\"elementor-widget-container\">\n\t\t\t\t\t<h5 class=\"elementor-heading-title elementor-size-default\">Contact<\/h5>\t\t\t\t<\/div>\n\t\t\t\t<\/div>\n\t\t\t\t<div class=\"elementor-element elementor-element-43a5c425 elementor-widget elementor-widget-heading\" data-id=\"43a5c425\" data-element_type=\"widget\" data-widget_type=\"heading.default\">\n\t\t\t\t<div class=\"elementor-widget-container\">\n\t\t\t\t\t<h4 class=\"elementor-heading-title elementor-size-default\">Pour toute demande compl\u00e9mentaire<\/h4>\t\t\t\t<\/div>\n\t\t\t\t<\/div>\n\t\t\t\t<div class=\"elementor-element elementor-element-65cd39dc elementor-widget elementor-widget-heading\" data-id=\"65cd39dc\" data-element_type=\"widget\" data-widget_type=\"heading.default\">\n\t\t\t\t<div class=\"elementor-widget-container\">\n\t\t\t\t\t<h4 class=\"elementor-heading-title elementor-size-default\"><a href=\"mailto:simon@aravisdigital.com\">simon@aravisdigital.com<\/a><\/h4>\t\t\t\t<\/div>\n\t\t\t\t<\/div>\n\t\t\t\t\t<\/div>\n\t\t<\/div>\n\t\t\t\t\t<\/div>\n\t\t<\/section>\n\t\t\t\t<section class=\"elementor-section elementor-top-section elementor-element elementor-element-4f647eb1 elementor-section-content-middle elementor-section-boxed elementor-section-height-default elementor-section-height-default wpr-particle-no wpr-jarallax-no wpr-parallax-no wpr-sticky-section-no\" data-id=\"4f647eb1\" data-element_type=\"section\" data-settings=\"{&quot;background_background&quot;:&quot;classic&quot;}\">\n\t\t\t\t\t\t\t<div class=\"elementor-background-overlay\"><\/div>\n\t\t\t\t\t\t\t<div class=\"elementor-container elementor-column-gap-no\">\n\t\t\t\t\t<div class=\"elementor-column elementor-col-100 elementor-top-column elementor-element elementor-element-255810e4\" data-id=\"255810e4\" data-element_type=\"column\">\n\t\t\t<div class=\"elementor-widget-wrap elementor-element-populated\">\n\t\t\t\t\t\t<div class=\"elementor-element elementor-element-469fd138 elementor-widget elementor-widget-text-editor\" data-id=\"469fd138\" data-element_type=\"widget\" data-widget_type=\"text-editor.default\">\n\t\t\t\t<div class=\"elementor-widget-container\">\n\t\t\t\t\t\t\t\t\t<footer id=\"footer-seo\">\n  <section>\n    <h3>Photographe freelance \u00e0 Annecy et en Haute-Savoie<\/h3>\n    <p>\n      Aravis Digital, dirig\u00e9 par Simon Hurion, est votre <strong>photographe \u00e0 Annecy<\/strong> et en <strong>Haute-Savoie<\/strong>, sp\u00e9cialis\u00e9 dans la <strong>photographie professionnelle<\/strong> pour particuliers et entreprises. \n      Nous r\u00e9alisons des <strong>photos de portrait<\/strong>, <strong>photos lifestyle<\/strong>, <strong>photographie de mariage<\/strong>, <strong>photos d\u2019\u00e9v\u00e9nements<\/strong>, <strong>photographie corporate<\/strong> et <strong>photographie de paysages<\/strong> autour du <strong>lac d\u2019Annecy<\/strong>, des montagnes et des Alpes.\n    <\/p>\n    <p>\n      Nos services incluent : <strong>photographe \u00e9v\u00e9nementiel \u00e0 Annecy<\/strong>, <strong>photographe portrait \u00e0 Annecy<\/strong>, <strong>photographe de mariage Haute-Savoie<\/strong>, <strong>photographe corporate Annecy<\/strong>, <strong>photographe paysage Haute-Savoie<\/strong>, <strong>photographe de produits<\/strong>, <strong>photographe sportif<\/strong> et <strong>photographe drone<\/strong>. \n      Chaque prestation est personnalis\u00e9e pour r\u00e9pondre \u00e0 vos besoins et valoriser vos projets avec authenticit\u00e9 et cr\u00e9ativit\u00e9.\n    <\/p>\n    <p>\n      Bas\u00e9s \u00e0 Annecy, nous intervenons sur toute la Haute-Savoie et les Alpes fran\u00e7aises pour capturer vos moments importants, cr\u00e9er du contenu visuel de qualit\u00e9 et renforcer votre visibilit\u00e9 locale et en ligne.\n    <\/p>\n    <p>\n      <strong>Photographe freelance Annecy, photographe Haute-Savoie, photographe mariage, photographe \u00e9v\u00e9nementiel, photographe portrait, photographe paysage, photographe corporate, photographe produit, photographe sportif, photographe drone<\/strong>.\n    <\/p>\n  <\/section>\n<\/footer>\n\t\t\t\t\t\t\t\t<\/div>\n\t\t\t\t<\/div>\n\t\t\t\t\t<\/div>\n\t\t<\/div>\n\t\t\t\t\t<\/div>\n\t\t<\/section>\n\t\t\t\t<\/div>\n\t\t","protected":false},"excerpt":{"rendered":"<p>Photographe \u00e0 Annecy En tant que photographe \u00e0 Annecy, je capture des images professionnelles qui racontent une histoire et suscitent des \u00e9motions. Je r\u00e9alise des photos de portrait, de paysage, d\u2019\u00e9v\u00e9nements et de produits, adapt\u00e9es \u00e0 vos besoins. Bas\u00e9 en Haute-Savoie, je propose mes services aux particuliers comme aux entreprises pour valoriser vos projets et renforcer votre visibilit\u00e9 en ligne. photopgraphier sur annecy Photographe \u00e9v\u00e9nementiel \u00e0 Annecy Sp\u00e9cialiste de l\u2019\u00e9v\u00e9nementiel \u00e0 Annecy et en Haute-Savoie, je capture vos moments cl\u00e9s avec authenticit\u00e9 et cr\u00e9ativit\u00e9. Mariages, \u00e9v\u00e9nements sportifs, soir\u00e9es d\u2019entreprise ou \u00e9v\u00e9nements culturels, chaque photo est con\u00e7ue pour raconter votre histoire et valoriser vos projets. Je m\u2019adapte \u00e0 toutes les conditions pour offrir un rendu professionnel et percutant. Photographe portrait \u00e0 Annecy En tant que photographe portrait et lifestyle \u00e0 Annecy, je cr\u00e9e des images naturelles et authentiques. Familles, couples, portraits individuels ou professionnels, chaque s\u00e9ance est personnalis\u00e9e pour r\u00e9v\u00e9ler votre personnalit\u00e9. Bas\u00e9 en Haute-Savoie, je propose des photos de qualit\u00e9 professionnelle adapt\u00e9es aux besoins particuliers et aux r\u00e9seaux sociaux. Photographe de paysages en Haute-Savoie Passionn\u00e9 par la montagne et la nature, je suis photographe de paysages en Haute-Savoie. Des sommets alpins au lac d\u2019Annecy, je capture des images \u00e9poustouflantes pour particuliers, entreprises ou publications. Chaque photo refl\u00e8te l\u2019authenticit\u00e9 des lieux et met en valeur votre projet, qu\u2019il s\u2019agisse de d\u00e9coration, communication ou supports marketing. Photographe corporate \u00e0 Annecy Je propose des services de photographe corporate \u00e0 Annecy et en Haute-Savoie pour entreprises et professionnels. Portraits professionnels, photos d\u2019\u00e9quipe, \u00e9v\u00e9nements d\u2019entreprise ou images pour vos supports marketing, chaque photo est r\u00e9alis\u00e9e pour renforcer votre image et votre visibilit\u00e9. Mes prestations sont personnalis\u00e9es selon vos objectifs et vos besoins. Contact Pour toute demande compl\u00e9mentaire simon@aravisdigital.com Photographe freelance \u00e0 Annecy et en Haute-Savoie Aravis Digital, dirig\u00e9 par Simon Hurion, est votre photographe \u00e0 Annecy et en Haute-Savoie, sp\u00e9cialis\u00e9 dans la photographie professionnelle pour particuliers et entreprises. Nous r\u00e9alisons des photos de portrait, photos lifestyle, photographie de mariage, photos d\u2019\u00e9v\u00e9nements, photographie corporate et photographie de paysages autour du lac d\u2019Annecy, des montagnes et des Alpes. Nos services incluent : photographe \u00e9v\u00e9nementiel \u00e0 Annecy, photographe portrait \u00e0 Annecy, photographe de mariage Haute-Savoie, photographe corporate Annecy, photographe paysage Haute-Savoie, photographe de produits, photographe sportif et photographe drone. Chaque prestation est personnalis\u00e9e pour r\u00e9pondre \u00e0 vos besoins et valoriser vos projets avec authenticit\u00e9 et cr\u00e9ativit\u00e9. Bas\u00e9s \u00e0 Annecy, nous intervenons sur toute la Haute-Savoie et les Alpes fran\u00e7aises pour capturer vos moments importants, cr\u00e9er du contenu visuel de qualit\u00e9 et renforcer votre visibilit\u00e9 locale et en ligne. Photographe freelance Annecy, photographe Haute-Savoie, photographe mariage, photographe \u00e9v\u00e9nementiel, photographe portrait, photographe paysage, photographe corporate, photographe produit, photographe sportif, photographe drone.<\/p>\n","protected":false},"author":1,"featured_media":930,"parent":0,"menu_order":0,"comment_status":"closed","ping_status":"closed","template":"elementor_header_footer","meta":{"neve_meta_sidebar":"","neve_meta_container":"","neve_meta_enable_content_width":"","neve_meta_content_width":0,"neve_meta_title_alignment":"","neve_meta_author_avatar":"","neve_post_elements_order":"","neve_meta_disable_header":"","neve_meta_disable_footer":"","neve_meta_disable_title":"","footnotes":""},"class_list":["post-1014","page","type-page","status-publish","has-post-thumbnail","hentry"],"yoast_head":"<!-- This site is optimized with the Yoast SEO plugin v26.0 - https:\/\/yoast.com\/wordpress\/plugins\/seo\/ -->\n<title>photographe Annecy - Simon HURION<\/title>\n<meta name=\"description\" content=\"Photographe freelance \u00e0 Annecy et en Haute-Savoie : portraits, \u00e9v\u00e9nements, mariages, paysages et photos corporate de qualit\u00e9 professionnelle pour valoriser vos projets.\" \/>\n<meta name=\"robots\" content=\"index, follow, max-snippet:-1, max-image-preview:large, max-video-preview:-1\" \/>\n<link rel=\"canonical\" href=\"https:\/\/aravisdigital.com\/index.php\/photographe-annecy\/\" \/>\n<meta property=\"og:locale\" content=\"fr_FR\" \/>\n<meta property=\"og:type\" content=\"article\" \/>\n<meta property=\"og:title\" content=\"photographe Annecy - Simon HURION\" \/>\n<meta property=\"og:description\" content=\"Photographe freelance \u00e0 Annecy et en Haute-Savoie : portraits, \u00e9v\u00e9nements, mariages, paysages et photos corporate de qualit\u00e9 professionnelle pour valoriser vos projets.\" \/>\n<meta property=\"og:url\" content=\"https:\/\/aravisdigital.com\/index.php\/photographe-annecy\/\" \/>\n<meta property=\"og:site_name\" content=\"Aravis digital\" \/>\n<meta property=\"article:modified_time\" content=\"2025-09-30T16:54:21+00:00\" \/>\n<meta property=\"og:image\" content=\"https:\/\/aravisdigital.com\/wp-content\/uploads\/2025\/09\/freelance-creation-video-annecy.webp\" \/>\n\t<meta property=\"og:image:width\" content=\"518\" \/>\n\t<meta property=\"og:image:height\" content=\"921\" \/>\n\t<meta property=\"og:image:type\" content=\"image\/webp\" \/>\n<meta name=\"twitter:card\" content=\"summary_large_image\" \/>\n<meta name=\"twitter:label1\" content=\"Dur\u00e9e de lecture estim\u00e9e\" \/>\n\t<meta name=\"twitter:data1\" content=\"4 minutes\" \/>\n<script type=\"application\/ld+json\" class=\"yoast-schema-graph\">{\"@context\":\"https:\/\/schema.org\",\"@graph\":[{\"@type\":\"WebPage\",\"@id\":\"https:\/\/aravisdigital.com\/index.php\/photographe-annecy\/\",\"url\":\"https:\/\/aravisdigital.com\/index.php\/photographe-annecy\/\",\"name\":\"photographe Annecy - Simon HURION\",\"isPartOf\":{\"@id\":\"https:\/\/aravisdigital.com\/#website\"},\"primaryImageOfPage\":{\"@id\":\"https:\/\/aravisdigital.com\/index.php\/photographe-annecy\/#primaryimage\"},\"image\":{\"@id\":\"https:\/\/aravisdigital.com\/index.php\/photographe-annecy\/#primaryimage\"},\"thumbnailUrl\":\"https:\/\/aravisdigital.com\/wp-content\/uploads\/2025\/09\/freelance-creation-video-annecy.webp\",\"datePublished\":\"2025-09-30T16:47:46+00:00\",\"dateModified\":\"2025-09-30T16:54:21+00:00\",\"description\":\"Photographe freelance \u00e0 Annecy et en Haute-Savoie : portraits, \u00e9v\u00e9nements, mariages, paysages et photos corporate de qualit\u00e9 professionnelle pour valoriser vos projets.\",\"breadcrumb\":{\"@id\":\"https:\/\/aravisdigital.com\/index.php\/photographe-annecy\/#breadcrumb\"},\"inLanguage\":\"fr-FR\",\"potentialAction\":[{\"@type\":\"ReadAction\",\"target\":[\"https:\/\/aravisdigital.com\/index.php\/photographe-annecy\/\"]}]},{\"@type\":\"ImageObject\",\"inLanguage\":\"fr-FR\",\"@id\":\"https:\/\/aravisdigital.com\/index.php\/photographe-annecy\/#primaryimage\",\"url\":\"https:\/\/aravisdigital.com\/wp-content\/uploads\/2025\/09\/freelance-creation-video-annecy.webp\",\"contentUrl\":\"https:\/\/aravisdigital.com\/wp-content\/uploads\/2025\/09\/freelance-creation-video-annecy.webp\",\"width\":518,\"height\":921,\"caption\":\"Photographe portrait \u00e0 Annecy r\u00e9alisant des portraits professionnels et lifestyle\"},{\"@type\":\"BreadcrumbList\",\"@id\":\"https:\/\/aravisdigital.com\/index.php\/photographe-annecy\/#breadcrumb\",\"itemListElement\":[{\"@type\":\"ListItem\",\"position\":1,\"name\":\"Accueil\",\"item\":\"https:\/\/aravisdigital.com\/\"},{\"@type\":\"ListItem\",\"position\":2,\"name\":\"Photographe \u00e0 Annecy\"}]},{\"@type\":\"WebSite\",\"@id\":\"https:\/\/aravisdigital.com\/#website\",\"url\":\"https:\/\/aravisdigital.com\/\",\"name\":\"Aravis digital\",\"description\":\"freelance cr\u00e9ation de contenus\",\"potentialAction\":[{\"@type\":\"SearchAction\",\"target\":{\"@type\":\"EntryPoint\",\"urlTemplate\":\"https:\/\/aravisdigital.com\/?s={search_term_string}\"},\"query-input\":{\"@type\":\"PropertyValueSpecification\",\"valueRequired\":true,\"valueName\":\"search_term_string\"}}],\"inLanguage\":\"fr-FR\"}]}<\/script>\n<!-- \/ Yoast SEO plugin. -->","yoast_head_json":{"title":"photographe Annecy - Simon HURION","description":"Photographe freelance \u00e0 Annecy et en Haute-Savoie : portraits, \u00e9v\u00e9nements, mariages, paysages et photos corporate de qualit\u00e9 professionnelle pour valoriser vos projets.","robots":{"index":"index","follow":"follow","max-snippet":"max-snippet:-1","max-image-preview":"max-image-preview:large","max-video-preview":"max-video-preview:-1"},"canonical":"https:\/\/aravisdigital.com\/index.php\/photographe-annecy\/","og_locale":"fr_FR","og_type":"article","og_title":"photographe Annecy - Simon HURION","og_description":"Photographe freelance \u00e0 Annecy et en Haute-Savoie : portraits, \u00e9v\u00e9nements, mariages, paysages et photos corporate de qualit\u00e9 professionnelle pour valoriser vos projets.","og_url":"https:\/\/aravisdigital.com\/index.php\/photographe-annecy\/","og_site_name":"Aravis digital","article_modified_time":"2025-09-30T16:54:21+00:00","og_image":[{"width":518,"height":921,"url":"https:\/\/aravisdigital.com\/wp-content\/uploads\/2025\/09\/freelance-creation-video-annecy.webp","type":"image\/webp"}],"twitter_card":"summary_large_image","twitter_misc":{"Dur\u00e9e de lecture estim\u00e9e":"4 minutes"},"schema":{"@context":"https:\/\/schema.org","@graph":[{"@type":"WebPage","@id":"https:\/\/aravisdigital.com\/index.php\/photographe-annecy\/","url":"https:\/\/aravisdigital.com\/index.php\/photographe-annecy\/","name":"photographe Annecy - Simon HURION","isPartOf":{"@id":"https:\/\/aravisdigital.com\/#website"},"primaryImageOfPage":{"@id":"https:\/\/aravisdigital.com\/index.php\/photographe-annecy\/#primaryimage"},"image":{"@id":"https:\/\/aravisdigital.com\/index.php\/photographe-annecy\/#primaryimage"},"thumbnailUrl":"https:\/\/aravisdigital.com\/wp-content\/uploads\/2025\/09\/freelance-creation-video-annecy.webp","datePublished":"2025-09-30T16:47:46+00:00","dateModified":"2025-09-30T16:54:21+00:00","description":"Photographe freelance \u00e0 Annecy et en Haute-Savoie : portraits, \u00e9v\u00e9nements, mariages, paysages et photos corporate de qualit\u00e9 professionnelle pour valoriser vos projets.","breadcrumb":{"@id":"https:\/\/aravisdigital.com\/index.php\/photographe-annecy\/#breadcrumb"},"inLanguage":"fr-FR","potentialAction":[{"@type":"ReadAction","target":["https:\/\/aravisdigital.com\/index.php\/photographe-annecy\/"]}]},{"@type":"ImageObject","inLanguage":"fr-FR","@id":"https:\/\/aravisdigital.com\/index.php\/photographe-annecy\/#primaryimage","url":"https:\/\/aravisdigital.com\/wp-content\/uploads\/2025\/09\/freelance-creation-video-annecy.webp","contentUrl":"https:\/\/aravisdigital.com\/wp-content\/uploads\/2025\/09\/freelance-creation-video-annecy.webp","width":518,"height":921,"caption":"Photographe portrait \u00e0 Annecy r\u00e9alisant des portraits professionnels et lifestyle"},{"@type":"BreadcrumbList","@id":"https:\/\/aravisdigital.com\/index.php\/photographe-annecy\/#breadcrumb","itemListElement":[{"@type":"ListItem","position":1,"name":"Accueil","item":"https:\/\/aravisdigital.com\/"},{"@type":"ListItem","position":2,"name":"Photographe \u00e0 Annecy"}]},{"@type":"WebSite","@id":"https:\/\/aravisdigital.com\/#website","url":"https:\/\/aravisdigital.com\/","name":"Aravis digital","description":"freelance cr\u00e9ation de contenus","potentialAction":[{"@type":"SearchAction","target":{"@type":"EntryPoint","urlTemplate":"https:\/\/aravisdigital.com\/?s={search_term_string}"},"query-input":{"@type":"PropertyValueSpecification","valueRequired":true,"valueName":"search_term_string"}}],"inLanguage":"fr-FR"}]}},"_links":{"self":[{"href":"https:\/\/aravisdigital.com\/index.php\/wp-json\/wp\/v2\/pages\/1014","targetHints":{"allow":["GET"]}}],"collection":[{"href":"https:\/\/aravisdigital.com\/index.php\/wp-json\/wp\/v2\/pages"}],"about":[{"href":"https:\/\/aravisdigital.com\/index.php\/wp-json\/wp\/v2\/types\/page"}],"author":[{"embeddable":true,"href":"https:\/\/aravisdigital.com\/index.php\/wp-json\/wp\/v2\/users\/1"}],"replies":[{"embeddable":true,"href":"https:\/\/aravisdigital.com\/index.php\/wp-json\/wp\/v2\/comments?post=1014"}],"version-history":[{"count":4,"href":"https:\/\/aravisdigital.com\/index.php\/wp-json\/wp\/v2\/pages\/1014\/revisions"}],"predecessor-version":[{"id":1021,"href":"https:\/\/aravisdigital.com\/index.php\/wp-json\/wp\/v2\/pages\/1014\/revisions\/1021"}],"wp:featuredmedia":[{"embeddable":true,"href":"https:\/\/aravisdigital.com\/index.php\/wp-json\/wp\/v2\/media\/930"}],"wp:attachment":[{"href":"https:\/\/aravisdigital.com\/index.php\/wp-json\/wp\/v2\/media?parent=1014"}],"curies":[{"name":"wp","href":"https:\/\/api.w.org\/{rel}","templated":true}]}}