{"id":98,"date":"2023-06-09T14:26:56","date_gmt":"2023-06-09T12:26:56","guid":{"rendered":"https:\/\/aravisdigital.com\/?page_id=98"},"modified":"2025-09-29T15:29:31","modified_gmt":"2025-09-29T13:29:31","slug":"video-aravis-digital","status":"publish","type":"page","link":"https:\/\/aravisdigital.com\/index.php\/video-aravis-digital\/","title":{"rendered":"Vid\u00e9o"},"content":{"rendered":"\t\t<div data-elementor-type=\"wp-page\" data-elementor-id=\"98\" class=\"elementor elementor-98\">\n\t\t\t\t\t\t<section class=\"elementor-section elementor-top-section elementor-element elementor-element-15916566 elementor-section-content-middle elementor-section-boxed elementor-section-height-default elementor-section-height-default wpr-particle-no wpr-jarallax-no wpr-parallax-no wpr-sticky-section-no\" data-id=\"15916566\" data-element_type=\"section\" data-settings=\"{&quot;background_background&quot;:&quot;classic&quot;}\">\n\t\t\t\t\t\t<div class=\"elementor-container elementor-column-gap-no\">\n\t\t\t\t\t<div class=\"elementor-column elementor-col-50 elementor-top-column elementor-element elementor-element-729160dd\" data-id=\"729160dd\" data-element_type=\"column\">\n\t\t\t<div class=\"elementor-widget-wrap elementor-element-populated\">\n\t\t\t\t\t\t<div class=\"elementor-element elementor-element-1aa6cc42 elementor-widget elementor-widget-image\" data-id=\"1aa6cc42\" data-element_type=\"widget\" data-widget_type=\"image.default\">\n\t\t\t\t<div class=\"elementor-widget-container\">\n\t\t\t\t\t\t\t\t\t\t\t\t\t\t\t<img fetchpriority=\"high\" decoding=\"async\" width=\"518\" height=\"921\" src=\"https:\/\/aravisdigital.com\/wp-content\/uploads\/2025\/09\/freelance-creation-video-annecy.webp\" class=\"attachment-full size-full wp-image-930\" alt=\"Photographe portrait \u00e0 Annecy r\u00e9alisant des portraits professionnels et lifestyle\" srcset=\"https:\/\/aravisdigital.com\/wp-content\/uploads\/2025\/09\/freelance-creation-video-annecy.webp 518w, https:\/\/aravisdigital.com\/wp-content\/uploads\/2025\/09\/freelance-creation-video-annecy-169x300.webp 169w\" sizes=\"(max-width: 518px) 100vw, 518px\" \/>\t\t\t\t\t\t\t\t\t\t\t\t\t\t\t<\/div>\n\t\t\t\t<\/div>\n\t\t\t\t\t<\/div>\n\t\t<\/div>\n\t\t\t\t<div class=\"elementor-column elementor-col-50 elementor-top-column elementor-element elementor-element-15134ca3\" data-id=\"15134ca3\" data-element_type=\"column\">\n\t\t\t<div class=\"elementor-widget-wrap elementor-element-populated\">\n\t\t\t\t\t\t<div class=\"elementor-element elementor-element-1cccb040 elementor-widget elementor-widget-heading\" data-id=\"1cccb040\" data-element_type=\"widget\" data-widget_type=\"heading.default\">\n\t\t\t\t<div class=\"elementor-widget-container\">\n\t\t\t\t\t<h4 class=\"elementor-heading-title elementor-size-default\">\nCr\u00e9ation de contenu Vid\u00e9o\n<\/h4>\t\t\t\t<\/div>\n\t\t\t\t<\/div>\n\t\t\t\t<div class=\"elementor-element elementor-element-2be7454f elementor-widget elementor-widget-text-editor\" data-id=\"2be7454f\" data-element_type=\"widget\" data-widget_type=\"text-editor.default\">\n\t\t\t\t<div class=\"elementor-widget-container\">\n\t\t\t\t\t\t\t\t\t<section>\n  <h2>Cr\u00e9ation de vid\u00e9os pour booster votre communication<\/h2>\n  <p>Pour renforcer l\u2019engagement de votre communaut\u00e9, je propose la <strong>r\u00e9alisation de films et vid\u00e9os<\/strong> adapt\u00e9s \u00e0 votre strat\u00e9gie de communication. Ensemble, nous concevons des contenus <strong>courts, impactants et optimis\u00e9s<\/strong> pour capter l\u2019attention de votre audience.<\/p>\n  <p>Alors que la photo laisse progressivement place aux <strong>vid\u00e9os courtes<\/strong>, ce format est devenu un levier essentiel pour d\u00e9velopper votre visibilit\u00e9 et votre notori\u00e9t\u00e9 en ligne.<\/p>\n<\/section>\n\t\t\t\t\t\t\t\t<\/div>\n\t\t\t\t<\/div>\n\t\t\t\t\t<\/div>\n\t\t<\/div>\n\t\t\t\t\t<\/div>\n\t\t<\/section>\n\t\t\t\t<section class=\"elementor-section elementor-top-section elementor-element elementor-element-6773c38a elementor-section-content-middle elementor-reverse-mobile elementor-section-boxed elementor-section-height-default elementor-section-height-default wpr-particle-no wpr-jarallax-no wpr-parallax-no wpr-sticky-section-no\" data-id=\"6773c38a\" data-element_type=\"section\">\n\t\t\t\t\t\t<div class=\"elementor-container elementor-column-gap-no\">\n\t\t\t\t\t<div class=\"elementor-column elementor-col-50 elementor-top-column elementor-element elementor-element-37fba252\" data-id=\"37fba252\" data-element_type=\"column\">\n\t\t\t<div class=\"elementor-widget-wrap elementor-element-populated\">\n\t\t\t\t\t\t<div class=\"elementor-element elementor-element-22d5f004 elementor-widget elementor-widget-heading\" data-id=\"22d5f004\" data-element_type=\"widget\" data-widget_type=\"heading.default\">\n\t\t\t\t<div class=\"elementor-widget-container\">\n\t\t\t\t\t<h4 class=\"elementor-heading-title elementor-size-default\"> Images au drone <\/h4>\t\t\t\t<\/div>\n\t\t\t\t<\/div>\n\t\t\t\t<div class=\"elementor-element elementor-element-25012668 elementor-widget elementor-widget-text-editor\" data-id=\"25012668\" data-element_type=\"widget\" data-widget_type=\"text-editor.default\">\n\t\t\t\t<div class=\"elementor-widget-container\">\n\t\t\t\t\t\t\t\t\t<section>\n  <h2>Prises de vue a\u00e9riennes par drone<\/h2>\n  <p>Afin de r\u00e9pondre \u00e0 une demande croissante et d\u2019enrichir les perspectives offertes lors de mes shootings, je propose d\u00e9sormais un service de <strong>photographie et vid\u00e9ographie a\u00e9rienne par drone<\/strong>. Gr\u00e2ce au <strong>DJI Mini Pro 3<\/strong>, j\u2019assure des images de haute qualit\u00e9 avec un excellent rapport poids\/performance.<\/p>\n<\/section>\n\t\t\t\t\t\t\t\t<\/div>\n\t\t\t\t<\/div>\n\t\t\t\t\t<\/div>\n\t\t<\/div>\n\t\t\t\t<div class=\"elementor-column elementor-col-50 elementor-top-column elementor-element elementor-element-4d46d465\" data-id=\"4d46d465\" data-element_type=\"column\">\n\t\t\t<div class=\"elementor-widget-wrap elementor-element-populated\">\n\t\t\t\t\t\t<div class=\"elementor-element elementor-element-34441131 elementor-widget elementor-widget-image\" data-id=\"34441131\" data-element_type=\"widget\" data-widget_type=\"image.default\">\n\t\t\t\t<div class=\"elementor-widget-container\">\n\t\t\t\t\t\t\t\t\t\t\t\t\t\t\t<img decoding=\"async\" width=\"1280\" height=\"720\" src=\"https:\/\/aravisdigital.com\/wp-content\/uploads\/2023\/06\/dji-mini-3-pro-7259551_1280.jpg\" class=\"attachment-full size-full wp-image-104\" alt=\"\" srcset=\"https:\/\/aravisdigital.com\/wp-content\/uploads\/2023\/06\/dji-mini-3-pro-7259551_1280.jpg 1280w, https:\/\/aravisdigital.com\/wp-content\/uploads\/2023\/06\/dji-mini-3-pro-7259551_1280-300x169.jpg 300w, https:\/\/aravisdigital.com\/wp-content\/uploads\/2023\/06\/dji-mini-3-pro-7259551_1280-1024x576.jpg 1024w, https:\/\/aravisdigital.com\/wp-content\/uploads\/2023\/06\/dji-mini-3-pro-7259551_1280-768x432.jpg 768w\" sizes=\"(max-width: 1280px) 100vw, 1280px\" \/>\t\t\t\t\t\t\t\t\t\t\t\t\t\t\t<\/div>\n\t\t\t\t<\/div>\n\t\t\t\t\t<\/div>\n\t\t<\/div>\n\t\t\t\t\t<\/div>\n\t\t<\/section>\n\t\t\t\t<section class=\"elementor-section elementor-top-section elementor-element elementor-element-721eb70c elementor-section-content-middle elementor-section-boxed elementor-section-height-default elementor-section-height-default wpr-particle-no wpr-jarallax-no wpr-parallax-no wpr-sticky-section-no\" data-id=\"721eb70c\" data-element_type=\"section\">\n\t\t\t\t\t\t<div class=\"elementor-container elementor-column-gap-no\">\n\t\t\t\t\t<div class=\"elementor-column elementor-col-50 elementor-top-column elementor-element elementor-element-4e85f67b\" data-id=\"4e85f67b\" data-element_type=\"column\">\n\t\t\t<div class=\"elementor-widget-wrap elementor-element-populated\">\n\t\t\t\t\t\t<div class=\"elementor-element elementor-element-2080e23 elementor-widget-divider--view-line elementor-widget elementor-widget-divider\" data-id=\"2080e23\" data-element_type=\"widget\" data-widget_type=\"divider.default\">\n\t\t\t\t<div class=\"elementor-widget-container\">\n\t\t\t\t\t\t\t<div class=\"elementor-divider\">\n\t\t\t<span class=\"elementor-divider-separator\">\n\t\t\t\t\t\t<\/span>\n\t\t<\/div>\n\t\t\t\t\t\t<\/div>\n\t\t\t\t<\/div>\n\t\t\t\t<div class=\"elementor-element elementor-element-694b6de9 elementor-widget elementor-widget-heading\" data-id=\"694b6de9\" data-element_type=\"widget\" data-widget_type=\"heading.default\">\n\t\t\t\t<div class=\"elementor-widget-container\">\n\t\t\t\t\t<h4 class=\"elementor-heading-title elementor-size-default\">\u00e0 propos<\/h4>\t\t\t\t<\/div>\n\t\t\t\t<\/div>\n\t\t\t\t\t<\/div>\n\t\t<\/div>\n\t\t\t\t<div class=\"elementor-column elementor-col-50 elementor-top-column elementor-element elementor-element-13bc818\" data-id=\"13bc818\" data-element_type=\"column\">\n\t\t\t<div class=\"elementor-widget-wrap elementor-element-populated\">\n\t\t\t\t\t\t<div class=\"elementor-element elementor-element-fa59edf elementor-widget elementor-widget-text-editor\" data-id=\"fa59edf\" data-element_type=\"widget\" data-widget_type=\"text-editor.default\">\n\t\t\t\t<div class=\"elementor-widget-container\">\n\t\t\t\t\t\t\t\t\t<section>\n  <h2>Vid\u00e9aste \u00e0 Annecy et en Haute-Savoie<\/h2>\n  <p>Vous recherchez un <strong>vid\u00e9aste \u00e0 Annecy<\/strong> ou en <strong>Haute-Savoie<\/strong> pour cr\u00e9er des vid\u00e9os professionnelles et percutantes ? Je propose des prestations adapt\u00e9es aux entreprises, associations et particuliers, afin de renforcer leur communication visuelle.<\/p>\n\n  <h3>Mes services vid\u00e9o<\/h3>\n  <ul>\n    <li><strong>Films d\u2019entreprise :<\/strong> pour valoriser votre activit\u00e9 et vos \u00e9quipes.<\/li>\n    <li><strong>Vid\u00e9os promotionnelles :<\/strong> pour mettre en avant vos produits et services.<\/li>\n    <li><strong>Reportages \u00e9v\u00e9nementiels :<\/strong> pour immortaliser vos \u00e9v\u00e9nements \u00e0 Annecy et en Haute-Savoie.<\/li>\n    <li><strong>Contenus pour r\u00e9seaux sociaux :<\/strong> vid\u00e9os courtes et impactantes, id\u00e9ales pour booster votre visibilit\u00e9 en ligne.<\/li>\n  <\/ul>\n\n  <h3>Un vid\u00e9aste local, au c\u0153ur des Alpes<\/h3>\n  <p>Install\u00e9 \u00e0 Annecy, j\u2019interviens dans toute la <strong>Haute-Savoie<\/strong> et la r\u00e9gion <strong>Auvergne-Rh\u00f4ne-Alpes<\/strong>. Chaque projet est con\u00e7u pour refl\u00e9ter l\u2019identit\u00e9 de votre marque et engager votre audience.<\/p>\n\n  <h3>Pourquoi me choisir ?<\/h3>\n  <p>En tant que <strong>vid\u00e9aste professionnel<\/strong>, je combine cr\u00e9ativit\u00e9 et expertise technique pour produire des contenus visuels de qualit\u00e9. Mon objectif : vous aider \u00e0 <strong>accro\u00eetre votre visibilit\u00e9<\/strong> et \u00e0 <strong>renforcer votre image<\/strong> gr\u00e2ce \u00e0 la vid\u00e9o.<\/p>\n<\/section>\n\t\t\t\t\t\t\t\t<\/div>\n\t\t\t\t<\/div>\n\t\t\t\t\t<\/div>\n\t\t<\/div>\n\t\t\t\t\t<\/div>\n\t\t<\/section>\n\t\t\t\t<section class=\"elementor-section elementor-top-section elementor-element elementor-element-2eb4d12 elementor-section-content-middle elementor-section-boxed elementor-section-height-default elementor-section-height-default wpr-particle-no wpr-jarallax-no wpr-parallax-no wpr-sticky-section-no\" data-id=\"2eb4d12\" data-element_type=\"section\" data-settings=\"{&quot;background_background&quot;:&quot;classic&quot;}\">\n\t\t\t\t\t\t\t<div class=\"elementor-background-overlay\"><\/div>\n\t\t\t\t\t\t\t<div class=\"elementor-container elementor-column-gap-no\">\n\t\t\t\t\t<div class=\"elementor-column elementor-col-100 elementor-top-column elementor-element elementor-element-94f7e02\" data-id=\"94f7e02\" data-element_type=\"column\">\n\t\t\t<div class=\"elementor-widget-wrap elementor-element-populated\">\n\t\t\t\t\t\t<div class=\"elementor-element elementor-element-1d56a6a elementor-widget elementor-widget-heading\" data-id=\"1d56a6a\" data-element_type=\"widget\" data-widget_type=\"heading.default\">\n\t\t\t\t<div class=\"elementor-widget-container\">\n\t\t\t\t\t<h4 class=\"elementor-heading-title elementor-size-default\"><a href=\"mailto:simon@aravisdigital.com\">Envie de travailler ensemble ?\n<\/a><\/h4>\t\t\t\t<\/div>\n\t\t\t\t<\/div>\n\t\t\t\t<div class=\"elementor-element elementor-element-b759180 elementor-widget elementor-widget-heading\" data-id=\"b759180\" data-element_type=\"widget\" data-widget_type=\"heading.default\">\n\t\t\t\t<div class=\"elementor-widget-container\">\n\t\t\t\t\t<h5 class=\"elementor-heading-title elementor-size-default\"><a href=\"mailto:simon@aravisdigital.com\">Demandez un devis <\/a><\/h5>\t\t\t\t<\/div>\n\t\t\t\t<\/div>\n\t\t\t\t\t<\/div>\n\t\t<\/div>\n\t\t\t\t\t<\/div>\n\t\t<\/section>\n\t\t\t\t<\/div>\n\t\t","protected":false},"excerpt":{"rendered":"<p>Cr\u00e9ation de contenu Vid\u00e9o Cr\u00e9ation de vid\u00e9os pour booster votre communication Pour renforcer l\u2019engagement de votre communaut\u00e9, je propose la r\u00e9alisation de films et vid\u00e9os adapt\u00e9s \u00e0 votre strat\u00e9gie de communication. Ensemble, nous concevons des contenus courts, impactants et optimis\u00e9s pour capter l\u2019attention de votre audience. Alors que la photo laisse progressivement place aux vid\u00e9os courtes, ce format est devenu un levier essentiel pour d\u00e9velopper votre visibilit\u00e9 et votre notori\u00e9t\u00e9 en ligne. Images au drone Prises de vue a\u00e9riennes par drone Afin de r\u00e9pondre \u00e0 une demande croissante et d\u2019enrichir les perspectives offertes lors de mes shootings, je propose d\u00e9sormais un service de photographie et vid\u00e9ographie a\u00e9rienne par drone. Gr\u00e2ce au DJI Mini Pro 3, j\u2019assure des images de haute qualit\u00e9 avec un excellent rapport poids\/performance. \u00e0 propos Vid\u00e9aste \u00e0 Annecy et en Haute-Savoie Vous recherchez un vid\u00e9aste \u00e0 Annecy ou en Haute-Savoie pour cr\u00e9er des vid\u00e9os professionnelles et percutantes ? Je propose des prestations adapt\u00e9es aux entreprises, associations et particuliers, afin de renforcer leur communication visuelle. Mes services vid\u00e9o Films d\u2019entreprise : pour valoriser votre activit\u00e9 et vos \u00e9quipes. Vid\u00e9os promotionnelles : pour mettre en avant vos produits et services. Reportages \u00e9v\u00e9nementiels : pour immortaliser vos \u00e9v\u00e9nements \u00e0 Annecy et en Haute-Savoie. Contenus pour r\u00e9seaux sociaux : vid\u00e9os courtes et impactantes, id\u00e9ales pour booster votre visibilit\u00e9 en ligne. Un vid\u00e9aste local, au c\u0153ur des Alpes Install\u00e9 \u00e0 Annecy, j\u2019interviens dans toute la Haute-Savoie et la r\u00e9gion Auvergne-Rh\u00f4ne-Alpes. Chaque projet est con\u00e7u pour refl\u00e9ter l\u2019identit\u00e9 de votre marque et engager votre audience. Pourquoi me choisir ? En tant que vid\u00e9aste professionnel, je combine cr\u00e9ativit\u00e9 et expertise technique pour produire des contenus visuels de qualit\u00e9. Mon objectif : vous aider \u00e0 accro\u00eetre votre visibilit\u00e9 et \u00e0 renforcer votre image gr\u00e2ce \u00e0 la vid\u00e9o. Envie de travailler ensemble ? Demandez un devis<\/p>\n","protected":false},"author":1,"featured_media":0,"parent":0,"menu_order":0,"comment_status":"closed","ping_status":"closed","template":"page-templates\/template-pagebuilder-full-width.php","meta":{"neve_meta_sidebar":"","neve_meta_container":"","neve_meta_enable_content_width":"","neve_meta_content_width":0,"neve_meta_title_alignment":"","neve_meta_author_avatar":"","neve_post_elements_order":"","neve_meta_disable_header":"","neve_meta_disable_footer":"","neve_meta_disable_title":"","footnotes":""},"class_list":["post-98","page","type-page","status-publish","hentry"],"yoast_head":"<!-- This site is optimized with the Yoast SEO plugin v26.0 - https:\/\/yoast.com\/wordpress\/plugins\/seo\/ -->\n<title>Vid\u00e9o - Aravis digital<\/title>\n<meta name=\"description\" content=\"cr\u00e9ation de contenu vid\u00e9o par simon hurion freelance sur annecy et en haute savoie\" \/>\n<meta name=\"robots\" content=\"index, follow, max-snippet:-1, max-image-preview:large, max-video-preview:-1\" \/>\n<link rel=\"canonical\" href=\"https:\/\/aravisdigital.com\/index.php\/video-aravis-digital\/\" \/>\n<meta property=\"og:locale\" content=\"fr_FR\" \/>\n<meta property=\"og:type\" content=\"article\" \/>\n<meta property=\"og:title\" content=\"Vid\u00e9o - Aravis digital\" \/>\n<meta property=\"og:description\" content=\"cr\u00e9ation de contenu vid\u00e9o par simon hurion freelance sur annecy et en haute savoie\" \/>\n<meta property=\"og:url\" content=\"https:\/\/aravisdigital.com\/index.php\/video-aravis-digital\/\" \/>\n<meta property=\"og:site_name\" content=\"Aravis digital\" \/>\n<meta property=\"article:modified_time\" content=\"2025-09-29T13:29:31+00:00\" \/>\n<meta property=\"og:image\" content=\"https:\/\/aravisdigital.com\/wp-content\/uploads\/2025\/09\/freelance-creation-video-annecy.webp\" \/>\n\t<meta property=\"og:image:width\" content=\"518\" \/>\n\t<meta property=\"og:image:height\" content=\"921\" \/>\n\t<meta property=\"og:image:type\" content=\"image\/webp\" \/>\n<meta name=\"twitter:card\" content=\"summary_large_image\" \/>\n<meta name=\"twitter:label1\" content=\"Dur\u00e9e de lecture estim\u00e9e\" \/>\n\t<meta name=\"twitter:data1\" content=\"2 minutes\" \/>\n<script type=\"application\/ld+json\" class=\"yoast-schema-graph\">{\"@context\":\"https:\/\/schema.org\",\"@graph\":[{\"@type\":\"WebPage\",\"@id\":\"https:\/\/aravisdigital.com\/index.php\/video-aravis-digital\/\",\"url\":\"https:\/\/aravisdigital.com\/index.php\/video-aravis-digital\/\",\"name\":\"Vid\u00e9o - Aravis digital\",\"isPartOf\":{\"@id\":\"https:\/\/aravisdigital.com\/#website\"},\"primaryImageOfPage\":{\"@id\":\"https:\/\/aravisdigital.com\/index.php\/video-aravis-digital\/#primaryimage\"},\"image\":{\"@id\":\"https:\/\/aravisdigital.com\/index.php\/video-aravis-digital\/#primaryimage\"},\"thumbnailUrl\":\"https:\/\/aravisdigital.com\/wp-content\/uploads\/2025\/09\/freelance-creation-video-annecy.webp\",\"datePublished\":\"2023-06-09T12:26:56+00:00\",\"dateModified\":\"2025-09-29T13:29:31+00:00\",\"description\":\"cr\u00e9ation de contenu vid\u00e9o par simon hurion freelance sur annecy et en haute savoie\",\"breadcrumb\":{\"@id\":\"https:\/\/aravisdigital.com\/index.php\/video-aravis-digital\/#breadcrumb\"},\"inLanguage\":\"fr-FR\",\"potentialAction\":[{\"@type\":\"ReadAction\",\"target\":[\"https:\/\/aravisdigital.com\/index.php\/video-aravis-digital\/\"]}]},{\"@type\":\"ImageObject\",\"inLanguage\":\"fr-FR\",\"@id\":\"https:\/\/aravisdigital.com\/index.php\/video-aravis-digital\/#primaryimage\",\"url\":\"https:\/\/aravisdigital.com\/wp-content\/uploads\/2025\/09\/freelance-creation-video-annecy.webp\",\"contentUrl\":\"https:\/\/aravisdigital.com\/wp-content\/uploads\/2025\/09\/freelance-creation-video-annecy.webp\",\"width\":518,\"height\":921,\"caption\":\"Photographe portrait \u00e0 Annecy r\u00e9alisant des portraits professionnels et lifestyle\"},{\"@type\":\"BreadcrumbList\",\"@id\":\"https:\/\/aravisdigital.com\/index.php\/video-aravis-digital\/#breadcrumb\",\"itemListElement\":[{\"@type\":\"ListItem\",\"position\":1,\"name\":\"Accueil\",\"item\":\"https:\/\/aravisdigital.com\/\"},{\"@type\":\"ListItem\",\"position\":2,\"name\":\"Vid\u00e9o\"}]},{\"@type\":\"WebSite\",\"@id\":\"https:\/\/aravisdigital.com\/#website\",\"url\":\"https:\/\/aravisdigital.com\/\",\"name\":\"Aravis digital\",\"description\":\"freelance cr\u00e9ation de contenus\",\"potentialAction\":[{\"@type\":\"SearchAction\",\"target\":{\"@type\":\"EntryPoint\",\"urlTemplate\":\"https:\/\/aravisdigital.com\/?s={search_term_string}\"},\"query-input\":{\"@type\":\"PropertyValueSpecification\",\"valueRequired\":true,\"valueName\":\"search_term_string\"}}],\"inLanguage\":\"fr-FR\"}]}<\/script>\n<!-- \/ Yoast SEO plugin. -->","yoast_head_json":{"title":"Vid\u00e9o - Aravis digital","description":"cr\u00e9ation de contenu vid\u00e9o par simon hurion freelance sur annecy et en haute savoie","robots":{"index":"index","follow":"follow","max-snippet":"max-snippet:-1","max-image-preview":"max-image-preview:large","max-video-preview":"max-video-preview:-1"},"canonical":"https:\/\/aravisdigital.com\/index.php\/video-aravis-digital\/","og_locale":"fr_FR","og_type":"article","og_title":"Vid\u00e9o - Aravis digital","og_description":"cr\u00e9ation de contenu vid\u00e9o par simon hurion freelance sur annecy et en haute savoie","og_url":"https:\/\/aravisdigital.com\/index.php\/video-aravis-digital\/","og_site_name":"Aravis digital","article_modified_time":"2025-09-29T13:29:31+00:00","og_image":[{"width":518,"height":921,"url":"https:\/\/aravisdigital.com\/wp-content\/uploads\/2025\/09\/freelance-creation-video-annecy.webp","type":"image\/webp"}],"twitter_card":"summary_large_image","twitter_misc":{"Dur\u00e9e de lecture estim\u00e9e":"2 minutes"},"schema":{"@context":"https:\/\/schema.org","@graph":[{"@type":"WebPage","@id":"https:\/\/aravisdigital.com\/index.php\/video-aravis-digital\/","url":"https:\/\/aravisdigital.com\/index.php\/video-aravis-digital\/","name":"Vid\u00e9o - Aravis digital","isPartOf":{"@id":"https:\/\/aravisdigital.com\/#website"},"primaryImageOfPage":{"@id":"https:\/\/aravisdigital.com\/index.php\/video-aravis-digital\/#primaryimage"},"image":{"@id":"https:\/\/aravisdigital.com\/index.php\/video-aravis-digital\/#primaryimage"},"thumbnailUrl":"https:\/\/aravisdigital.com\/wp-content\/uploads\/2025\/09\/freelance-creation-video-annecy.webp","datePublished":"2023-06-09T12:26:56+00:00","dateModified":"2025-09-29T13:29:31+00:00","description":"cr\u00e9ation de contenu vid\u00e9o par simon hurion freelance sur annecy et en haute savoie","breadcrumb":{"@id":"https:\/\/aravisdigital.com\/index.php\/video-aravis-digital\/#breadcrumb"},"inLanguage":"fr-FR","potentialAction":[{"@type":"ReadAction","target":["https:\/\/aravisdigital.com\/index.php\/video-aravis-digital\/"]}]},{"@type":"ImageObject","inLanguage":"fr-FR","@id":"https:\/\/aravisdigital.com\/index.php\/video-aravis-digital\/#primaryimage","url":"https:\/\/aravisdigital.com\/wp-content\/uploads\/2025\/09\/freelance-creation-video-annecy.webp","contentUrl":"https:\/\/aravisdigital.com\/wp-content\/uploads\/2025\/09\/freelance-creation-video-annecy.webp","width":518,"height":921,"caption":"Photographe portrait \u00e0 Annecy r\u00e9alisant des portraits professionnels et lifestyle"},{"@type":"BreadcrumbList","@id":"https:\/\/aravisdigital.com\/index.php\/video-aravis-digital\/#breadcrumb","itemListElement":[{"@type":"ListItem","position":1,"name":"Accueil","item":"https:\/\/aravisdigital.com\/"},{"@type":"ListItem","position":2,"name":"Vid\u00e9o"}]},{"@type":"WebSite","@id":"https:\/\/aravisdigital.com\/#website","url":"https:\/\/aravisdigital.com\/","name":"Aravis digital","description":"freelance cr\u00e9ation de contenus","potentialAction":[{"@type":"SearchAction","target":{"@type":"EntryPoint","urlTemplate":"https:\/\/aravisdigital.com\/?s={search_term_string}"},"query-input":{"@type":"PropertyValueSpecification","valueRequired":true,"valueName":"search_term_string"}}],"inLanguage":"fr-FR"}]}},"_links":{"self":[{"href":"https:\/\/aravisdigital.com\/index.php\/wp-json\/wp\/v2\/pages\/98","targetHints":{"allow":["GET"]}}],"collection":[{"href":"https:\/\/aravisdigital.com\/index.php\/wp-json\/wp\/v2\/pages"}],"about":[{"href":"https:\/\/aravisdigital.com\/index.php\/wp-json\/wp\/v2\/types\/page"}],"author":[{"embeddable":true,"href":"https:\/\/aravisdigital.com\/index.php\/wp-json\/wp\/v2\/users\/1"}],"replies":[{"embeddable":true,"href":"https:\/\/aravisdigital.com\/index.php\/wp-json\/wp\/v2\/comments?post=98"}],"version-history":[{"count":10,"href":"https:\/\/aravisdigital.com\/index.php\/wp-json\/wp\/v2\/pages\/98\/revisions"}],"predecessor-version":[{"id":940,"href":"https:\/\/aravisdigital.com\/index.php\/wp-json\/wp\/v2\/pages\/98\/revisions\/940"}],"wp:attachment":[{"href":"https:\/\/aravisdigital.com\/index.php\/wp-json\/wp\/v2\/media?parent=98"}],"curies":[{"name":"wp","href":"https:\/\/api.w.org\/{rel}","templated":true}]}}